{"version":"1.0","provider_name":"BLOG: Jazykov\u00e9 centrum Correct","provider_url":"https:\/\/www.jc-correct.com\/blog","title":"Correct na Mov'in Europe 2019 - BLOG: Jazykov\u00e9 centrum Correct","type":"rich","width":600,"height":338,"html":"<blockquote class=\"wp-embedded-content\" data-secret=\"YGB0prYoiL\"><a href=\"https:\/\/www.jc-correct.com\/blog\/correct-na-movin-europe-2019\/\">Correct na Mov&#8217;in Europe 2019<\/a><\/blockquote><iframe sandbox=\"allow-scripts\" security=\"restricted\" src=\"https:\/\/www.jc-correct.com\/blog\/correct-na-movin-europe-2019\/embed\/#?secret=YGB0prYoiL\" width=\"600\" height=\"338\" title=\"&#8222;Correct na Mov&#8217;in Europe 2019&#8220; &#8212; BLOG: Jazykov\u00e9 centrum Correct\" data-secret=\"YGB0prYoiL\" frameborder=\"0\" marginwidth=\"0\" marginheight=\"0\" scrolling=\"no\" class=\"wp-embedded-content\"><\/iframe><script type=\"text\/javascript\">\n\/* <![CDATA[ *\/\n\/*! This file is auto-generated *\/\n!function(d,l){\"use strict\";l.querySelector&&d.addEventListener&&\"undefined\"!=typeof URL&&(d.wp=d.wp||{},d.wp.receiveEmbedMessage||(d.wp.receiveEmbedMessage=function(e){var t=e.data;if((t||t.secret||t.message||t.value)&&!\/[^a-zA-Z0-9]\/.test(t.secret)){for(var s,r,n,a=l.querySelectorAll('iframe[data-secret=\"'+t.secret+'\"]'),o=l.querySelectorAll('blockquote[data-secret=\"'+t.secret+'\"]'),c=new RegExp(\"^https?:$\",\"i\"),i=0;i<o.length;i++)o[i].style.display=\"none\";for(i=0;i<a.length;i++)s=a[i],e.source===s.contentWindow&&(s.removeAttribute(\"style\"),\"height\"===t.message?(1e3<(r=parseInt(t.value,10))?r=1e3:~~r<200&&(r=200),s.height=r):\"link\"===t.message&&(r=new URL(s.getAttribute(\"src\")),n=new URL(t.value),c.test(n.protocol))&&n.host===r.host&&l.activeElement===s&&(d.top.location.href=t.value))}},d.addEventListener(\"message\",d.wp.receiveEmbedMessage,!1),l.addEventListener(\"DOMContentLoaded\",function(){for(var e,t,s=l.querySelectorAll(\"iframe.wp-embedded-content\"),r=0;r<s.length;r++)(t=(e=s[r]).getAttribute(\"data-secret\"))||(t=Math.random().toString(36).substring(2,12),e.src+=\"#?secret=\"+t,e.setAttribute(\"data-secret\",t)),e.contentWindow.postMessage({message:\"ready\",secret:t},\"*\")},!1)))}(window,document);\n\/\/# sourceURL=https:\/\/www.jc-correct.com\/blog\/wp-includes\/js\/wp-embed.min.js\n\/* ]]> *\/\n<\/script>\n","thumbnail_url":"https:\/\/www.jc-correct.com\/blog\/wp-content\/uploads\/2019\/10\/Movin-Europe20-1024x683.jpg","thumbnail_width":1024,"thumbnail_height":683,"description":"Jsme r\u00e1di, \u017ee jsme mohli b\u00fdt sou\u010d\u00e1st\u00ed veletrhu Mov&#8217;in Europe, kter\u00fd ve st\u0159edu 16.10.2019 nab\u00eddl student\u016fm spoustu zaj\u00edmav\u00e9ho o studiu v&nbsp;zahrani\u010d\u00ed. Cel\u00fd den prob\u00edhaly p\u0159edn\u00e1\u0161ky o r\u016fzn\u00fdch studijn\u00edch mo\u017enostech a programech, d\u00edky kter\u00fdm u\u017e tolik student\u016f procestovalo p\u016fl sv\u011bta. Ve vestibulu podnikatelsk\u00e9 fakulty jsme m\u011bli na dosah ochutn\u00e1vku r\u016fzn\u00fdch kultur na jednom m\u00edst\u011b. Zahrani\u010dn\u00ed studenti VUT z&nbsp;r\u016fzn\u00fdch zem\u00ed sd\u00edleli na sv\u00fdch st\u00e1nc\u00edch mnoh\u00e9 o tom, jak se v&nbsp;jejich zemi \u017eije, co je tam oproti \u010cesku neobvykl\u00e9 a pro\u010d rozhodn\u011b stoj\u00ed za to jejich zemi nav\u0161t\u00edvit. Mezi st\u00e1nky m\u011bl sv\u00e9 m\u00edsto i n\u00e1\u0161 Correc\u0165\u00e1ck\u00fd st\u00e1nek, kde se zahrani\u010dn\u00ed studenti mohli informovat..."}